{"id":46,"date":"2018-10-17T13:21:04","date_gmt":"2018-10-17T11:21:04","guid":{"rendered":"http:\/\/alexkalcher.de\/wp\/?page_id=46"},"modified":"2021-01-15T16:27:57","modified_gmt":"2021-01-15T15:27:57","slug":"phaser","status":"publish","type":"page","link":"https:\/\/alexkalcher.de\/wp\/star-trek\/phaser\/","title":{"rendered":"Phaser: Einbau einer Energiestufenanzeige"},"content":{"rendered":"<p><strong>Ein Phaser geh\u00f6rt zur Standard-Ausr\u00fcstung eines Sternenflotten-Offiziers. Als Nachbau gab es sehr gut nachgebildete Phaser als Spielzeuge im Handel. Hier geht es jetzt darum, einem dieser Spielzeuge Leben einzuhauchen und eine funktionsf\u00e4hige Einstellung der Phaserstufe zu bauen. Leider endeten die Lizenzen f\u00fcr die Phaserspielzeuge vor einigen Jahren. Das hier gezeigte Modell vom Playmates ist nur noch zu (teilweise horrenden Preisen) bei eBay erh\u00e4ltlich.<\/strong><\/p>\n<p>Obwohl die Spielzeuge sehr detailliert sind, entsprechen sie nicht in allen Details dem &#8222;Original&#8220; aus den Serien. Zum einen ist hier die Farbgebung des Kunststoffes zu nennen: Je nach Modell ist der Phaser hellgrau oder bl\u00e4ulich. Und zum anderen k\u00f6nnen nicht die Energiestufen \u00fcber die beiden Taster eingestellt werden. Bei der Spielzeugvariante wird \u00fcber diese Taster der Sound umgestellt, der beim Ausl\u00f6sen aus dem Lautsprecher t\u00f6nt. Mein Ziel war, die Taster so umzubauen, dass beim Bet\u00e4tigen sechzehn gr\u00fcne LEDs oberhalb der Kn\u00f6pfe nacheinander ein- und ausgeschaltet werden k\u00f6nnen. Eben, wie in der Serie die einzelnen Energiestufen des Phasers aktiviert werden k\u00f6nnen.<\/p>\n<p>Bei dem Umbau wird ein kleiner Microcontroller programmiert und im Phaser eingebaut. Er wertet dann die Tastendr\u00fccke der beiden Taster aus und schaltet die LEDs ein oder aus. Der Chip arbeitet mit 3 Volt und passt so perfekt zu der Energiequelle des Phasers.<\/p>\n<style type=\"text\/css\">\n#foogallery-gallery-2060.fg-justified .fg-item { margin-right: 1px; margin-bottom: 1px; }\n#foogallery-gallery-2060.fg-justified .fg-image { height: 150px; }<\/style>\n\t\t\t<div class=\"foogallery foogallery-container foogallery-justified foogallery-lightbox-foobox fg-justified fg-ready fg-light fg-shadow-large fg-loading-partial fg-loaded-fade-in fg-caption-hover fg-hover-fade fg-hover-zoom\" id=\"foogallery-gallery-2060\" data-foogallery=\"{&quot;item&quot;:{&quot;showCaptionTitle&quot;:true,&quot;showCaptionDescription&quot;:true},&quot;lazy&quot;:true,&quot;template&quot;:{&quot;rowHeight&quot;:150,&quot;maxRowHeight&quot;:300,&quot;margins&quot;:1,&quot;align&quot;:&quot;center&quot;,&quot;lastRow&quot;:&quot;smart&quot;}}\" style=\"--fg-title-line-clamp: 0; --fg-description-line-clamp: 0;\" >\n\t<div class=\"fg-item fg-type-image fg-idle\"><figure class=\"fg-item-inner\"><a href=\"https:\/\/alexkalcher.de\/wp-content\/uploads\/Phaser-15.jpg\" data-caption-title=\"Fertig\" data-caption-desc=\"So sieht er nach dem Umbau aus\" data-attachment-id=\"2061\" data-type=\"image\" class=\"fg-thumb\"><span class=\"fg-image-wrap\"><img fetchpriority=\"high\" decoding=\"async\" title=\"Fertig\" height=\"300\" width=\"400\" class=\"skip-lazy fg-image\" data-src-fg=\"https:\/\/alexkalcher.de\/wp-content\/uploads\/cache\/Phaser-15\/921967265.jpg\" src=\"data:image\/svg+xml,%3Csvg%20xmlns%3D%22http%3A%2F%2Fwww.w3.org%2F2000%2Fsvg%22%20width%3D%22400%22%20height%3D%22300%22%20viewBox%3D%220%200%20400%20300%22%3E%3C%2Fsvg%3E\" loading=\"eager\"><\/span><span class=\"fg-image-overlay\"><\/span><\/a><figcaption class=\"fg-caption\"><div class=\"fg-caption-inner\"><div class=\"fg-caption-title\">Fertig<\/div><div class=\"fg-caption-desc\">So sieht er nach dem Umbau aus<\/div><\/div><\/figcaption><\/figure><div class=\"fg-loader\"><\/div><\/div><\/div>\n\n<p>Zun\u00e4chst wird der Phaser in seine Einzelteile zerlegt. Die aufwendige Schalterkonstruktion kann getrost in die Bastelkiste wandern &#8211; der Platz daf\u00fcr wird dringend ben\u00f6tigt. Schlie\u00dflich ist im Phaser eigentlich kein Platz f\u00fcr weitere elektronische Komponenten vorgesehen. Deshalb muss auch der Umschalter f\u00fcr die beiden Soundeffekte verschwinden. Am besten entscheidet man sich f\u00fcr einen der Sounds und entfernt dann den kleinen Wippschalter. Mit einer Drahtbr\u00fccke werden dann die beiden Pole des gew\u00e4hlten Sounds direkt auf der Platine miteinander verbunden. Die Soundplatine sowie der Ausl\u00f6ser bleiben an ihrem Platz.<\/p>\n<style type=\"text\/css\">\n#foogallery-gallery-2062.fg-justified .fg-item { margin-right: 1px; margin-bottom: 1px; }\n#foogallery-gallery-2062.fg-justified .fg-image { height: 150px; }<\/style>\n\t\t\t<div class=\"foogallery foogallery-container foogallery-justified foogallery-lightbox-foobox fg-justified fg-ready fg-light fg-shadow-large fg-loading-partial fg-loaded-fade-in fg-caption-hover fg-hover-fade fg-hover-zoom\" id=\"foogallery-gallery-2062\" data-foogallery=\"{&quot;item&quot;:{&quot;showCaptionTitle&quot;:true,&quot;showCaptionDescription&quot;:true},&quot;lazy&quot;:true,&quot;template&quot;:{&quot;rowHeight&quot;:150,&quot;maxRowHeight&quot;:300,&quot;margins&quot;:1,&quot;align&quot;:&quot;center&quot;,&quot;lastRow&quot;:&quot;smart&quot;}}\" style=\"--fg-title-line-clamp: 0; --fg-description-line-clamp: 0;\" >\n\t<div class=\"fg-item fg-type-image fg-idle\"><figure class=\"fg-item-inner\"><a href=\"https:\/\/alexkalcher.de\/wp-content\/uploads\/Phaser-01.jpg\" data-caption-title=\"Einzelteile\" data-caption-desc=\"Der Phaser wird zerlegt\" data-attachment-id=\"2063\" data-type=\"image\" class=\"fg-thumb\"><span class=\"fg-image-wrap\"><img decoding=\"async\" title=\"Einzelteile\" height=\"300\" width=\"400\" class=\"skip-lazy fg-image\" data-src-fg=\"https:\/\/alexkalcher.de\/wp-content\/uploads\/cache\/Phaser-01\/3794438929.jpg\" src=\"data:image\/svg+xml,%3Csvg%20xmlns%3D%22http%3A%2F%2Fwww.w3.org%2F2000%2Fsvg%22%20width%3D%22400%22%20height%3D%22300%22%20viewBox%3D%220%200%20400%20300%22%3E%3C%2Fsvg%3E\" loading=\"eager\"><\/span><span class=\"fg-image-overlay\"><\/span><\/a><figcaption class=\"fg-caption\"><div class=\"fg-caption-inner\"><div class=\"fg-caption-title\">Einzelteile<\/div><div class=\"fg-caption-desc\">Der Phaser wird zerlegt<\/div><\/div><\/figcaption><\/figure><div class=\"fg-loader\"><\/div><\/div><\/div>\n\n<p>Die Abdeckung \u00fcber den alten Sound-Umschaltern (Bild oben rechts) wird dann ein paar Millimeter neben den Schraubl\u00f6chern bis zur Platine ausges\u00e4gt. Auf dem Bild sieht man genau, wie es geht. Auch der durchsichtige Balken, in dem die einzelne gr\u00fcne LED flackert, kann ausgebaut werden. In die L\u00f6cher werden dann zwei Printtaster gesetzt. Bei Conrad gibt es quadratische Taster, die sich f\u00fcr diesen Zweck genau eignen. Mit Hei\u00dfkleber die Taster fixieren.<\/p>\n<style type=\"text\/css\">\n#foogallery-gallery-2064.fg-justified .fg-item { margin-right: 1px; margin-bottom: 1px; }\n#foogallery-gallery-2064.fg-justified .fg-image { height: 150px; }<\/style>\n\t\t\t<div class=\"foogallery foogallery-container foogallery-justified foogallery-lightbox-foobox fg-justified fg-ready fg-light fg-shadow-large fg-loading-partial fg-loaded-fade-in fg-caption-hover fg-hover-fade fg-hover-zoom\" id=\"foogallery-gallery-2064\" data-foogallery=\"{&quot;item&quot;:{&quot;showCaptionTitle&quot;:true,&quot;showCaptionDescription&quot;:true},&quot;lazy&quot;:true,&quot;template&quot;:{&quot;rowHeight&quot;:150,&quot;maxRowHeight&quot;:300,&quot;margins&quot;:1,&quot;align&quot;:&quot;center&quot;,&quot;lastRow&quot;:&quot;smart&quot;}}\" style=\"--fg-title-line-clamp: 0; --fg-description-line-clamp: 0;\" >\n\t<div class=\"fg-item fg-type-image fg-idle\"><figure class=\"fg-item-inner\"><a href=\"https:\/\/alexkalcher.de\/wp-content\/uploads\/Phaser-02.jpg\" data-caption-title=\"Schalter\" data-caption-desc=\"Die Halterung oben rechts wird \u00fcberarbeitet\" data-attachment-id=\"2065\" data-type=\"image\" class=\"fg-thumb\"><span class=\"fg-image-wrap\"><img decoding=\"async\" title=\"Schalter\" height=\"300\" width=\"400\" class=\"skip-lazy fg-image\" data-src-fg=\"https:\/\/alexkalcher.de\/wp-content\/uploads\/cache\/Phaser-02\/2761232873.jpg\" src=\"data:image\/svg+xml,%3Csvg%20xmlns%3D%22http%3A%2F%2Fwww.w3.org%2F2000%2Fsvg%22%20width%3D%22400%22%20height%3D%22300%22%20viewBox%3D%220%200%20400%20300%22%3E%3C%2Fsvg%3E\" loading=\"eager\"><\/span><span class=\"fg-image-overlay\"><\/span><\/a><figcaption class=\"fg-caption\"><div class=\"fg-caption-inner\"><div class=\"fg-caption-title\">Schalter<\/div><div class=\"fg-caption-desc\">Die Halterung oben rechts wird \u00fcberarbeitet<\/div><\/div><\/figcaption><\/figure><div class=\"fg-loader\"><\/div><\/div><\/div>\n\n<p>Als n\u00e4chstes geht es an die sechzehn Leuchtdioden. Hierf\u00fcr eignen sich gut quadratische LEDs, die auf einer Platine aufgel\u00f6tet werden. Dann wird die LED-Platine mit Hei\u00dfkleber in der \u00d6ffnung fixiert. Mit einer Zange und leichter Gewalt jetzt die LEDs gerade ausrichten. Da zwischen oberer und unterer Reihe ein paar Millimeter Platz bleiben, wird hier am besten ein St\u00fcck Holz oder Kunststoff eingesetzt. So werden die LEDs einigerma\u00dfen in Position gehalten und zus\u00e4tzlich verhindert, dass die oberen Dioden durch die unteren strahlen.<\/p>\n<style type=\"text\/css\">\n#foogallery-gallery-2066.fg-justified .fg-item { margin-right: 1px; margin-bottom: 1px; }\n#foogallery-gallery-2066.fg-justified .fg-image { height: 150px; }<\/style>\n\t\t\t<div class=\"foogallery foogallery-container foogallery-justified foogallery-lightbox-foobox fg-justified fg-ready fg-light fg-shadow-large fg-loading-partial fg-loaded-fade-in fg-caption-hover fg-hover-fade fg-hover-zoom\" id=\"foogallery-gallery-2066\" data-foogallery=\"{&quot;item&quot;:{&quot;showCaptionTitle&quot;:true,&quot;showCaptionDescription&quot;:true},&quot;lazy&quot;:true,&quot;template&quot;:{&quot;rowHeight&quot;:150,&quot;maxRowHeight&quot;:300,&quot;margins&quot;:1,&quot;align&quot;:&quot;center&quot;,&quot;lastRow&quot;:&quot;smart&quot;}}\" style=\"--fg-title-line-clamp: 0; --fg-description-line-clamp: 0;\" >\n\t<div class=\"fg-item fg-type-image fg-idle\"><figure class=\"fg-item-inner\"><a href=\"https:\/\/alexkalcher.de\/wp-content\/uploads\/Phaser-06.jpg\" data-caption-title=\"LEDS ausrichten\" data-caption-desc=\"Am besten per Zange und mit wohl dosierter Gewalt\" data-attachment-id=\"2068\" data-type=\"image\" class=\"fg-thumb\"><span class=\"fg-image-wrap\"><img decoding=\"async\" title=\"LEDS ausrichten\" height=\"300\" width=\"400\" class=\"skip-lazy fg-image\" data-src-fg=\"https:\/\/alexkalcher.de\/wp-content\/uploads\/cache\/Phaser-06\/3548599604.jpg\" src=\"data:image\/svg+xml,%3Csvg%20xmlns%3D%22http%3A%2F%2Fwww.w3.org%2F2000%2Fsvg%22%20width%3D%22400%22%20height%3D%22300%22%20viewBox%3D%220%200%20400%20300%22%3E%3C%2Fsvg%3E\" loading=\"eager\"><\/span><span class=\"fg-image-overlay\"><\/span><\/a><figcaption class=\"fg-caption\"><div class=\"fg-caption-inner\"><div class=\"fg-caption-title\">LEDS ausrichten<\/div><div class=\"fg-caption-desc\">Am besten per Zange und mit wohl dosierter Gewalt<\/div><\/div><\/figcaption><\/figure><div class=\"fg-loader\"><\/div><\/div><div class=\"fg-item fg-type-image fg-idle\"><figure class=\"fg-item-inner\"><a href=\"https:\/\/alexkalcher.de\/wp-content\/uploads\/Phaser-05.jpg\" data-caption-title=\"LED-Platine\" data-caption-desc=\"Mit Hei\u00dfkleber in der \u00d6ffnung fixieren\" data-attachment-id=\"2067\" data-type=\"image\" class=\"fg-thumb\"><span class=\"fg-image-wrap\"><img decoding=\"async\" title=\"LED-Platine\" height=\"300\" width=\"400\" class=\"skip-lazy fg-image\" data-src-fg=\"https:\/\/alexkalcher.de\/wp-content\/uploads\/cache\/Phaser-05\/3921646585.jpg\" src=\"data:image\/svg+xml,%3Csvg%20xmlns%3D%22http%3A%2F%2Fwww.w3.org%2F2000%2Fsvg%22%20width%3D%22400%22%20height%3D%22300%22%20viewBox%3D%220%200%20400%20300%22%3E%3C%2Fsvg%3E\" loading=\"eager\"><\/span><span class=\"fg-image-overlay\"><\/span><\/a><figcaption class=\"fg-caption\"><div class=\"fg-caption-inner\"><div class=\"fg-caption-title\">LED-Platine<\/div><div class=\"fg-caption-desc\">Mit Hei\u00dfkleber in der \u00d6ffnung fixieren<\/div><\/div><\/figcaption><\/figure><div class=\"fg-loader\"><\/div><\/div><\/div>\n\n<p>Als n\u00e4chstes geht es die Platine f\u00fcr den Mikrocontroller. Er wird in einer IC-Fassung auf die Platine gel\u00f6tet. Rundherum werden die Widerst\u00e4nde, zwei\u00a0 Kondensatoren und der Quarz an einem St\u00fcck Kabel angel\u00f6tet. Damit die Platine passt, mussten die vorderen Schrauben vom Phaser dran glauben. Also habe ich einfach die Bolzen ausgefr\u00e4st. Die Abdeckung des Phasers h\u00e4lt auch mit den hinteren beiden Schrauben perfekt.<\/p>\n<style type=\"text\/css\">\n#foogallery-gallery-2069.fg-justified .fg-item { margin-right: 1px; margin-bottom: 1px; }\n#foogallery-gallery-2069.fg-justified .fg-image { height: 150px; }<\/style>\n\t\t\t<div class=\"foogallery foogallery-container foogallery-justified foogallery-lightbox-foobox fg-justified fg-ready fg-light fg-shadow-large fg-loading-partial fg-loaded-fade-in fg-caption-hover fg-hover-fade fg-hover-zoom\" id=\"foogallery-gallery-2069\" data-foogallery=\"{&quot;item&quot;:{&quot;showCaptionTitle&quot;:true,&quot;showCaptionDescription&quot;:true},&quot;lazy&quot;:true,&quot;template&quot;:{&quot;rowHeight&quot;:150,&quot;maxRowHeight&quot;:300,&quot;margins&quot;:1,&quot;align&quot;:&quot;center&quot;,&quot;lastRow&quot;:&quot;smart&quot;}}\" style=\"--fg-title-line-clamp: 0; --fg-description-line-clamp: 0;\" >\n\t<div class=\"fg-item fg-type-image fg-idle\"><figure class=\"fg-item-inner\"><a href=\"https:\/\/alexkalcher.de\/wp-content\/uploads\/Phaser-03.jpg\" data-caption-title=\"Platine\" data-caption-desc=\"Widerst\u00e4nde und IC-Sockel\" data-attachment-id=\"2070\" data-type=\"image\" class=\"fg-thumb\"><span class=\"fg-image-wrap\"><img decoding=\"async\" title=\"Platine\" height=\"300\" width=\"400\" class=\"skip-lazy fg-image\" data-src-fg=\"https:\/\/alexkalcher.de\/wp-content\/uploads\/cache\/Phaser-03\/1043193333.jpg\" src=\"data:image\/svg+xml,%3Csvg%20xmlns%3D%22http%3A%2F%2Fwww.w3.org%2F2000%2Fsvg%22%20width%3D%22400%22%20height%3D%22300%22%20viewBox%3D%220%200%20400%20300%22%3E%3C%2Fsvg%3E\" loading=\"eager\"><\/span><span class=\"fg-image-overlay\"><\/span><\/a><figcaption class=\"fg-caption\"><div class=\"fg-caption-inner\"><div class=\"fg-caption-title\">Platine<\/div><div class=\"fg-caption-desc\">Widerst\u00e4nde und IC-Sockel<\/div><\/div><\/figcaption><\/figure><div class=\"fg-loader\"><\/div><\/div><\/div>\n\n<p>Mit Flachbandkabel werden nun LED-Platine und Controller-Platine miteinander verbunden. Im gleichen Atemzug wird auch die Gl\u00fchbirne am Strahlaustritt durch eine superrote LED ersetzt. Wichtig ist eine abschlie\u00dfende sorgf\u00e4ltige Kontrolle aller Verbindungen zwischen den Platinen, den Tastern, LED und Batteriefach. Dann kann ein erster Probelauf folgen. Bei mir funktionierte alles auf Anhieb. Also: Freuen und den Phaser ordentlich zusammen bauen.<\/p>\n<style type=\"text\/css\">\n#foogallery-gallery-2071.fg-justified .fg-item { margin-right: 1px; margin-bottom: 1px; }\n#foogallery-gallery-2071.fg-justified .fg-image { height: 150px; }<\/style>\n\t\t\t<div class=\"foogallery foogallery-container foogallery-justified foogallery-lightbox-foobox fg-justified fg-ready fg-light fg-shadow-large fg-loading-partial fg-loaded-fade-in fg-caption-hover fg-hover-fade fg-hover-zoom\" id=\"foogallery-gallery-2071\" data-foogallery=\"{&quot;item&quot;:{&quot;showCaptionTitle&quot;:true,&quot;showCaptionDescription&quot;:true},&quot;lazy&quot;:true,&quot;template&quot;:{&quot;rowHeight&quot;:150,&quot;maxRowHeight&quot;:300,&quot;margins&quot;:1,&quot;align&quot;:&quot;center&quot;,&quot;lastRow&quot;:&quot;smart&quot;}}\" style=\"--fg-title-line-clamp: 0; --fg-description-line-clamp: 0;\" >\n\t<div class=\"fg-item fg-type-image fg-idle\"><figure class=\"fg-item-inner\"><a href=\"https:\/\/alexkalcher.de\/wp-content\/uploads\/Phaser-07.jpg\" data-caption-title=\"Probelauf\" data-caption-desc=\"Lautsprecher, Schalter und Batterie werden verbunden\" data-attachment-id=\"2073\" data-type=\"image\" class=\"fg-thumb\"><span class=\"fg-image-wrap\"><img decoding=\"async\" title=\"Probelauf\" height=\"300\" width=\"400\" class=\"skip-lazy fg-image\" data-src-fg=\"https:\/\/alexkalcher.de\/wp-content\/uploads\/cache\/Phaser-07\/3999600453.jpg\" src=\"data:image\/svg+xml,%3Csvg%20xmlns%3D%22http%3A%2F%2Fwww.w3.org%2F2000%2Fsvg%22%20width%3D%22400%22%20height%3D%22300%22%20viewBox%3D%220%200%20400%20300%22%3E%3C%2Fsvg%3E\" loading=\"eager\"><\/span><span class=\"fg-image-overlay\"><\/span><\/a><figcaption class=\"fg-caption\"><div class=\"fg-caption-inner\"><div class=\"fg-caption-title\">Probelauf<\/div><div class=\"fg-caption-desc\">Lautsprecher, Schalter und Batterie werden verbunden<\/div><\/div><\/figcaption><\/figure><div class=\"fg-loader\"><\/div><\/div><div class=\"fg-item fg-type-image fg-idle\"><figure class=\"fg-item-inner\"><a href=\"https:\/\/alexkalcher.de\/wp-content\/uploads\/Phaser-10.jpg\" data-caption-title=\"Flachband\" data-caption-desc=\"IC und LEDs werden per Flachbandkabel verbunden\" data-attachment-id=\"2072\" data-type=\"image\" class=\"fg-thumb\"><span class=\"fg-image-wrap\"><img decoding=\"async\" title=\"Flachband\" height=\"300\" width=\"400\" class=\"skip-lazy fg-image\" data-src-fg=\"https:\/\/alexkalcher.de\/wp-content\/uploads\/cache\/Phaser-10\/2188888664.jpg\" src=\"data:image\/svg+xml,%3Csvg%20xmlns%3D%22http%3A%2F%2Fwww.w3.org%2F2000%2Fsvg%22%20width%3D%22400%22%20height%3D%22300%22%20viewBox%3D%220%200%20400%20300%22%3E%3C%2Fsvg%3E\" loading=\"eager\"><\/span><span class=\"fg-image-overlay\"><\/span><\/a><figcaption class=\"fg-caption\"><div class=\"fg-caption-inner\"><div class=\"fg-caption-title\">Flachband<\/div><div class=\"fg-caption-desc\">IC und LEDs werden per Flachbandkabel verbunden<\/div><\/div><\/figcaption><\/figure><div class=\"fg-loader\"><\/div><\/div><\/div>\n\n<p>Jetzt werden alle Bastelspuren entfernt. Das gilt vor allem f\u00fcr die beiden Taster und die LED-Reihen. In alle Fugen wird Epoxydharz gegossen. Zwischen den beiden LED-Reihen wird mit einer kleinen Fr\u00e4se ein Spalt ausgefr\u00e4st und ein passendes St\u00fcck schwarzer Kunststoff eingesetzt. Dieser verhindert zus\u00e4tzlich, dass die LEDs ineinander \u00fcberstrahlen. Dann wird auch hier Epoxydharz eingegossen. Trocknen lassen, dann alles ordentlich abschleifen. Zun\u00e4chst mit einem Mini-Schleifer, dann mit Schleifpapier mit immer feinerer K\u00f6rnung. Bei den Tastern ist das Ganze platzm\u00e4\u00dfig ziemlich eng. Hier hilft ein winziger Finger-Schleifer. Bei der Prozedur muss wahrscheinlich die schwarze Lackierung um die LEDs und die Taster dran glauben. Das ist nicht weiter schlimm. Hier hilft d\u00fcnnes schwarzes Klebeband weiter. Es wird auf einen Spiegel oder eine Glasplatte geklebt und mit einem scharfen Cuttermesser zurechtgeschnitten. Mit einer Schieblehre lassen sich die Ma\u00dfe hervorragend vom Phaser abgreifen. Dann das Klebeband vorsichtig abl\u00f6sen und sauber um die LEDs und die Taster kleben.<\/p>\n<style type=\"text\/css\">\n#foogallery-gallery-2074.fg-justified .fg-item { margin-right: 1px; margin-bottom: 1px; }\n#foogallery-gallery-2074.fg-justified .fg-image { height: 150px; }<\/style>\n\t\t\t<div class=\"foogallery foogallery-container foogallery-justified foogallery-lightbox-foobox fg-justified fg-ready fg-light fg-shadow-large fg-loading-partial fg-loaded-fade-in fg-caption-hover fg-hover-fade fg-hover-zoom\" id=\"foogallery-gallery-2074\" data-foogallery=\"{&quot;item&quot;:{&quot;showCaptionTitle&quot;:true,&quot;showCaptionDescription&quot;:true},&quot;lazy&quot;:true,&quot;template&quot;:{&quot;rowHeight&quot;:150,&quot;maxRowHeight&quot;:300,&quot;margins&quot;:1,&quot;align&quot;:&quot;center&quot;,&quot;lastRow&quot;:&quot;smart&quot;}}\" style=\"--fg-title-line-clamp: 0; --fg-description-line-clamp: 0;\" >\n\t<div class=\"fg-item fg-type-image fg-idle\"><figure class=\"fg-item-inner\"><a href=\"https:\/\/alexkalcher.de\/wp-content\/uploads\/Phaser-17.jpg\" data-caption-title=\"Schalterabdeckung\" data-caption-desc=\"Flachtaster und urspr\u00fcnglicher Ausl\u00f6ser unter schwarzer Klebefolie\" data-attachment-id=\"2075\" data-type=\"image\" class=\"fg-thumb\"><span class=\"fg-image-wrap\"><img decoding=\"async\" title=\"Schalterabdeckung\" height=\"300\" width=\"400\" class=\"skip-lazy fg-image\" data-src-fg=\"https:\/\/alexkalcher.de\/wp-content\/uploads\/cache\/Phaser-17\/712713081.jpg\" src=\"data:image\/svg+xml,%3Csvg%20xmlns%3D%22http%3A%2F%2Fwww.w3.org%2F2000%2Fsvg%22%20width%3D%22400%22%20height%3D%22300%22%20viewBox%3D%220%200%20400%20300%22%3E%3C%2Fsvg%3E\" loading=\"eager\"><\/span><span class=\"fg-image-overlay\"><\/span><\/a><figcaption class=\"fg-caption\"><div class=\"fg-caption-inner\"><div class=\"fg-caption-title\">Schalterabdeckung<\/div><div class=\"fg-caption-desc\">Flachtaster und urspr\u00fcnglicher Ausl\u00f6ser unter schwarzer Klebefolie<\/div><\/div><\/figcaption><\/figure><div class=\"fg-loader\"><\/div><\/div><\/div>\n\n<p>&nbsp;<\/p>\n","protected":false},"excerpt":{"rendered":"<p>Ein Phaser geh\u00f6rt zur Standard-Ausr\u00fcstung eines Sternenflotten-Offiziers. Als Nachbau gab es sehr gut nachgebildete Phaser als Spielzeuge im Handel. Hier geht es jetzt darum, einem dieser Spielzeuge Leben einzuhauchen und eine funktionsf\u00e4hige Einstellung der Phaserstufe zu bauen. Leider endeten die Lizenzen f\u00fcr die Phaserspielzeuge vor einigen Jahren. Das hier gezeigte Modell vom Playmates ist nur&#8230; <\/p>\n","protected":false},"author":1,"featured_media":0,"parent":34,"menu_order":0,"comment_status":"open","ping_status":"open","template":"","meta":{"_vp_format_video_url":"","_vp_image_focal_point":[],"footnotes":""},"class_list":["post-46","page","type-page","status-publish","hentry"],"wp-worthy-pixel":{"ignored":false,"public":"9e9d354e7a8d45f7b5f91844b509a265","server":"","url":"https:\/\/vg09.met.vgwort.de\/na\/9e9d354e7a8d45f7b5f91844b509a265"},"wp-worthy-type":"normal","_links":{"self":[{"href":"https:\/\/alexkalcher.de\/wp\/wp-json\/wp\/v2\/pages\/46","targetHints":{"allow":["GET"]}}],"collection":[{"href":"https:\/\/alexkalcher.de\/wp\/wp-json\/wp\/v2\/pages"}],"about":[{"href":"https:\/\/alexkalcher.de\/wp\/wp-json\/wp\/v2\/types\/page"}],"author":[{"embeddable":true,"href":"https:\/\/alexkalcher.de\/wp\/wp-json\/wp\/v2\/users\/1"}],"replies":[{"embeddable":true,"href":"https:\/\/alexkalcher.de\/wp\/wp-json\/wp\/v2\/comments?post=46"}],"version-history":[{"count":10,"href":"https:\/\/alexkalcher.de\/wp\/wp-json\/wp\/v2\/pages\/46\/revisions"}],"predecessor-version":[{"id":3083,"href":"https:\/\/alexkalcher.de\/wp\/wp-json\/wp\/v2\/pages\/46\/revisions\/3083"}],"up":[{"embeddable":true,"href":"https:\/\/alexkalcher.de\/wp\/wp-json\/wp\/v2\/pages\/34"}],"wp:attachment":[{"href":"https:\/\/alexkalcher.de\/wp\/wp-json\/wp\/v2\/media?parent=46"}],"curies":[{"name":"wp","href":"https:\/\/api.w.org\/{rel}","templated":true}]}}